{"id":4517,"date":"2023-12-31T02:47:25","date_gmt":"2023-12-31T02:47:25","guid":{"rendered":"https:\/\/www.sanjosehn.org\/2.0\/?page_id=4517"},"modified":"2025-10-22T17:16:49","modified_gmt":"2025-10-22T17:16:49","slug":"oferta-academica","status":"publish","type":"page","link":"https:\/\/www.sanjosehn.org\/2.0\/oferta-academica\/","title":{"rendered":"Oferta Acad\u00e9mica"},"content":{"rendered":"\n<p><\/p>\n\n\n\n<section id=\"section-e908ebd6-69fb-4046-b77a-3b4e8342ea51\" class=\"wp-block-gutentor-image-slider gutentor-section gutentor-image-slider imageSlider-template1\"><div class=\"gutentor-grid-item-wrap\"><div class=\"gutentor-slider-wrapper\" data-dots=\"true\" data-arrows=\"true\" data-infinite=\"false\" data-nextarrow=\"fas fa-angle-right\" data-prevarrow=\"fas fa-angle-left\" data-autoplay=\"true\" data-autoplayspeed=\"1000\" data-fade=\"false\" data-speed=\"1200\"><div class=\"gutentor-slider-item\"><div class=\"gutentor-single-item gutentor-single-item-0\"><div class=\"gutentor-single-item-wrap\"><div class=\"gutentor-single-item-image-box\"><div class=\"gutentor-bg-image\"><\/div><\/div><div class=\"gutentor-single-item-content\"><div class=\"grid-container\"><div class=\"slider-caption text-left\"><h3 class=\"gutentor-single-item-title\">PREESCOLAR BILING\u00dcE<\/h3><p class=\"gutentor-single-item-desc\">La educaci\u00f3n preescolar biling\u00fce con principios cristianos<br> ofrece a los ni\u00f1os una experiencia enriquecedora que combina <br>el desarrollo del lenguaje y los valores fundamentales.<\/p><\/div><\/div><\/div><\/div><\/div><\/div><div class=\"gutentor-slider-item\"><div class=\"gutentor-single-item gutentor-single-item-1\"><div class=\"gutentor-single-item-wrap\"><div class=\"gutentor-single-item-image-box\"><div class=\"gutentor-bg-image\"><\/div><\/div><div class=\"gutentor-single-item-content\"><div class=\"grid-container\"><div class=\"slider-caption text-left\"><h3 class=\"gutentor-single-item-title\">Escuela Biling\u00fce<\/h3><p class=\"gutentor-single-item-desc\">La educaci\u00f3n biling\u00fce de calidad como competencia comunicativa, y<br> capacidad de comprender y apreciar la diversidad, preparando a<br>los estudiantes para un mundo globalizado y multicultural. <\/p><\/div><\/div><\/div><\/div><\/div><\/div><div class=\"gutentor-slider-item\"><div class=\"gutentor-single-item gutentor-single-item-2\"><div class=\"gutentor-single-item-wrap\"><div class=\"gutentor-single-item-image-box\"><div class=\"gutentor-bg-image\"><\/div><\/div><div class=\"gutentor-single-item-content\"><div class=\"grid-container\"><div class=\"slider-caption text-left\"><h3 class=\"gutentor-single-item-title\">Educaci\u00f3n en Espa\u00f1ol<\/h3><p class=\"gutentor-single-item-desc\">Con una s\u00f3lida tradici\u00f3n de excelencia educativa <br>que abarca siete d\u00e9cadas, nuestra instituci\u00f3n <br>se enorgullece de ofrecer una educaci\u00f3n integral de calidad. <\/p><\/div><\/div><\/div><\/div><\/div><\/div><div class=\"gutentor-slider-item\"><div class=\"gutentor-single-item gutentor-single-item-3\"><div class=\"gutentor-single-item-wrap\"><div class=\"gutentor-single-item-image-box\"><div class=\"gutentor-bg-image\"><\/div><\/div><div class=\"gutentor-single-item-content\"><div class=\"grid-container\"><div class=\"slider-caption text-left\"><h3 class=\"gutentor-single-item-title\">Bachilleratos<\/h3><p class=\"gutentor-single-item-desc\">Garantizamos profesionales de excelencia, respaldados<br>por los altos \u00edndices obtenidos en las pruebas acad\u00e9micas <br>en las Universidades de Honduras y del mundo.<\/p><\/div><\/div><\/div><\/div><\/div><\/div><\/div><\/div><\/section>\n\n\n\n<section id=\"section-0068a7c6-d4ab-4c36-a897-6d22afdd8204\" class=\"wp-block-gutentor-about-block gutentor-section gutentor-about about-template1\"><div class=\"grid-container\"><div class=\"gutentor-grid-item-wrap\"><div class=\"gutentor-single-item\"><div class=\"grid-row\"><div class=\"grid-md-6 about-grid\"><div class=\"gutentor-single-item-image-box\"><div class=\"gutentor-image-thumb\"><img fetchpriority=\"high\" decoding=\"async\" class=\"normal-image\" src=\"https:\/\/www.sanjosehn.org\/2.0\/wp-content\/uploads\/2024\/01\/of1.jpg\" alt=\"\" height=\"809\" width=\"746\" \/><\/div><\/div><\/div><div class=\"grid-md-6 about-grid\"><div class=\"gutentor-single-item-content\"><div class=\"gutentor-about-content\"><h3 class=\"gutentor-single-item-title\">Preschool <\/h3><p class=\"gutentor-single-item-desc\"><br>La educaci\u00f3n preescolar biling\u00fce con principios cristianos ofrece a los ni\u00f1os una experiencia enriquecedora que combina el desarrollo del lenguaje y los valores fundamentales. Al integrar dos idiomas desde una edad temprana, se fomenta la habilidad ling\u00fc\u00edstica y la apertura cultural. <br><br>Adem\u00e1s, la ense\u00f1anza basada en principios cristianos promueve valores como la compasi\u00f3n, la honestidad y la responsabilidad. Este enfoque integral busca nutrir no solo la mente, sino tambi\u00e9n el coraz\u00f3n y el esp\u00edritu de los peque\u00f1os, brind\u00e1ndoles una base s\u00f3lida para su crecimiento acad\u00e9mico y personal. La combinaci\u00f3n de biling\u00fcismo y principios cristianos crea un ambiente educativo \u00fanico y valioso.<br>.    <\/p><\/div><\/div><\/div><\/div><\/div><\/div><\/div><\/section>\n\n\n\n<section id=\"section-8651d0ca-ed2f-4d03-98f4-b62a5318365d\" class=\"wp-block-gutentor-about-block gutentor-section gutentor-about about-template1\"><div class=\"grid-container\"><div class=\"gutentor-grid-item-wrap\"><div class=\"gutentor-single-item\"><div class=\"grid-row\"><div class=\"grid-md-6 about-grid\"><div class=\"gutentor-single-item-image-box\"><div class=\"gutentor-image-thumb\"><img decoding=\"async\" class=\"normal-image\" src=\"https:\/\/www.sanjosehn.org\/2.0\/wp-content\/uploads\/2024\/01\/of2.jpg\" alt=\"\" height=\"809\" width=\"746\" \/><\/div><\/div><\/div><div class=\"grid-md-6 about-grid\"><div class=\"gutentor-single-item-content\"><div class=\"gutentor-about-content\"><h3 class=\"gutentor-single-item-title\">Educaci\u00f3n Biling\u00fce<\/h3><p class=\"gutentor-single-item-desc\"> Ofrecemos educaci\u00f3n 100% Biling\u00fce (Ingl\u00e9s\/Espa\u00f1ol) desde Preescolar hasta 10th Grade.<br><br>En la actualidad, la educaci\u00f3n biling\u00fce se erige como un pilar fundamental en la formaci\u00f3n integral de los individuos, promoviendo el desarrollo de habilidades ling\u00fc\u00edsticas y culturales desde edades tempranas. Los est\u00e1ndares de excelencia en este \u00e1mbito no solo se centran en el dominio de dos idiomas, sino tambi\u00e9n en la inculcaci\u00f3n de valores integrales. <br><br>Este enfoque busca cultivar el respeto, la empat\u00eda y la apertura hacia diversas perspectivas culturales. La educaci\u00f3n biling\u00fce de calidad se traduce no solo en competencia comunicativa, sino tambi\u00e9n en la capacidad de comprender y apreciar la diversidad, preparando a los estudiantes para un mundo globalizado y multicultural.    <\/p><\/div><\/div><\/div><\/div><\/div><\/div><\/div><\/section>\n\n\n\n<section id=\"section-acc6081f-2936-4212-b424-d819a80e2d34\" class=\"wp-block-gutentor-about-block gutentor-section gutentor-about about-template1\"><div class=\"grid-container\"><div class=\"gutentor-grid-item-wrap\"><div class=\"gutentor-single-item\"><div class=\"grid-row\"><div class=\"grid-md-6 about-grid\"><div class=\"gutentor-single-item-image-box\"><div class=\"gutentor-image-thumb\"><img decoding=\"async\" class=\"normal-image\" src=\"https:\/\/www.sanjosehn.org\/2.0\/wp-content\/uploads\/2024\/01\/of3.jpg\" alt=\"\" height=\"809\" width=\"746\" \/><\/div><\/div><\/div><div class=\"grid-md-6 about-grid\"><div class=\"gutentor-single-item-content\"><div class=\"gutentor-about-content\"><h3 class=\"gutentor-single-item-title\">Educaci\u00f3n en Espa\u00f1ol<\/h3><p class=\"gutentor-single-item-desc\"> Con una s\u00f3lida tradici\u00f3n de excelencia educativa que abarca siete d\u00e9cadas, nuestra instituci\u00f3n se enorgullece de ofrecer una educaci\u00f3n integral de calidad. <br><br>Durante estos 70 a\u00f1os, hemos cultivado un ambiente acad\u00e9mico que fomenta el pensamiento cr\u00edtico, la creatividad y el compromiso con valores \u00e9ticos. Nuestro compromiso con la excelencia se refleja en la dedicaci\u00f3n de nuestro personal docente y en la innovaci\u00f3n constante de nuestros m\u00e9todos pedag\u00f3gicos. <br><br>Valoramos no solo el desarrollo acad\u00e9mico, sino tambi\u00e9n la formaci\u00f3n integral de individuos \u00e9ticos y responsables. Esta rica herencia educativa contin\u00faa inspirando a generaciones de estudiantes hacia el \u00e9xito y el servicio a la sociedad.    <\/p><\/div><\/div><\/div><\/div><\/div><\/div><\/div><\/section>\n\n\n\n<section id=\"section-c8d0ecd6-cf51-400b-bc27-1a6ea8648484\" class=\"wp-block-gutentor-about-block gutentor-section gutentor-about about-template1\"><div class=\"grid-container\"><div class=\"gutentor-grid-item-wrap\"><div class=\"gutentor-single-item\"><div class=\"grid-row\"><div class=\"grid-md-6 about-grid\"><div class=\"gutentor-single-item-image-box\"><div class=\"gutentor-image-thumb\"><img loading=\"lazy\" decoding=\"async\" class=\"normal-image\" src=\"https:\/\/www.sanjosehn.org\/2.0\/wp-content\/uploads\/2024\/01\/of4.jpg\" alt=\"\" height=\"809\" width=\"746\" \/><\/div><\/div><\/div><div class=\"grid-md-6 about-grid\"><div class=\"gutentor-single-item-content\"><div class=\"gutentor-about-content\"><h3 class=\"gutentor-single-item-title\">Bachilleratos  <\/h3><p class=\"gutentor-single-item-desc\">Ofrecemos:<br>Bachillerato Ciencias y Humanidades<br>Bachillerato T\u00e9cnico P. en Inform\u00e1tica<br>Bachillerato T\u00e9cnico P. en Administraci\u00f3n de Empresas<br><br>Garantizamos profesionales de excelencia, respaldados por los altos \u00edndices obtenidos en las pruebas acad\u00e9micas en las Universidades de Honduras y del mundo.<\/p><\/div><\/div><\/div><\/div><\/div><\/div><\/div><\/section>\n\n\n\n<section id=\"section-08579d3a-8b3c-49ca-9e44-b7db24df2e88\" class=\"wp-block-gutentor-icon-box gutentor-section gutentor-icon-wrapper icon-template1 has-color-bg has-custom-bg\"><div class=\"grid-container\"><div class=\"gutentor-block-header\"><div class=\"gutentor-section-title text-center\"><h2 class=\"gutentor-title\">Caracter\u00edsticas de un egresado<\/h2><\/div><\/div><div class=\"grid-row gutentor-grid-item-wrap\"><div class=\"gutentor-grid-column grid-lg-4 grid-md-4 grid-12\"><div class=\"gutentor-single-item gutentor-icon gutentor-single-item-0\"><div class=\"gutentor-single-item-wrap\"><div class=\"gutentor-single-item-icon-box\"><i class=\"fas fa-book-open\"><\/i><\/div><div class=\"gutentor-single-item-content\"><h3 class=\"gutentor-single-item-title\">Ingl\u00e9s <\/h3><p class=\"gutentor-single-item-desc\">Habilidad en el manejo del idioma Ingl\u00e9s. <\/p><\/div><\/div><\/div><\/div><div class=\"gutentor-grid-column grid-lg-4 grid-md-4 grid-12\"><div class=\"gutentor-single-item gutentor-icon gutentor-single-item-1\"><div class=\"gutentor-single-item-wrap\"><div class=\"gutentor-single-item-icon-box\"><i class=\"fas fa-laptop\"><\/i><\/div><div class=\"gutentor-single-item-content\"><h3 class=\"gutentor-single-item-title\">Habilidades tecnol\u00f3gicas<\/h3><p class=\"gutentor-single-item-desc\">Somos l\u00edderes en potenciar el \u00e1rea tecnol\u00f3gica. <\/p><\/div><\/div><\/div><\/div><div class=\"gutentor-grid-column grid-lg-4 grid-md-4 grid-12\"><div class=\"gutentor-single-item gutentor-icon gutentor-single-item-2\"><div class=\"gutentor-single-item-wrap\"><div class=\"gutentor-single-item-icon-box\"><i class=\"far fa-lightbulb\"><\/i><\/div><div class=\"gutentor-single-item-content\"><h3 class=\"gutentor-single-item-title\">Ingenio y Creatividad <\/h3><p class=\"gutentor-single-item-desc\">Desarrollamos la creatividad e impulsamos el ingenio. <\/p><\/div><\/div><\/div><\/div><div class=\"gutentor-grid-column grid-lg-4 grid-md-4 grid-12\"><div class=\"gutentor-single-item gutentor-icon gutentor-single-item-3\"><div class=\"gutentor-single-item-wrap\"><div class=\"gutentor-single-item-icon-box\"><i class=\"fas fa-baseball-ball\"><\/i><\/div><div class=\"gutentor-single-item-content\"><h3 class=\"gutentor-single-item-title\">Deportes y salud mental <\/h3><p class=\"gutentor-single-item-desc\">Desarrollamos muchas \u00e1reas deportivas y atl\u00e9ticas. <\/p><\/div><\/div><\/div><\/div><div class=\"gutentor-grid-column grid-lg-4 grid-md-4 grid-12\"><div class=\"gutentor-single-item gutentor-icon gutentor-single-item-4\"><div class=\"gutentor-single-item-wrap\"><div class=\"gutentor-single-item-icon-box\"><i class=\"far fa-handshake\"><\/i><\/div><div class=\"gutentor-single-item-content\"><h3 class=\"gutentor-single-item-title\">Habilidades sociales <\/h3><p class=\"gutentor-single-item-desc\">Integrarse a la sociedad para ser l\u00edderes y encausar los buenos pensamientos. <\/p><\/div><\/div><\/div><\/div><div class=\"gutentor-grid-column grid-lg-4 grid-md-4 grid-12\"><div class=\"gutentor-single-item gutentor-icon gutentor-single-item-5\"><div class=\"gutentor-single-item-wrap\"><div class=\"gutentor-single-item-icon-box\"><i class=\"fas fa-hand-holding-heart\"><\/i><\/div><div class=\"gutentor-single-item-content\"><h3 class=\"gutentor-single-item-title\">Principios Cristianos <\/h3><p class=\"gutentor-single-item-desc\">Integramos el ADN jesuita cristiano cat\u00f3lico, AMDG. <\/p><\/div><\/div><\/div><\/div><\/div><\/div><\/section>\n\n\n\n<section id=\"section-29b2499b-8d57-4efc-9a12-81063c31bdd2\" class=\"wp-block-gutentor-call-to-action gutentor-section  gutentor-calltoaction call-to-action-template3 has-image-bg has-custom-bg has-gutentor-overlay\"><div class=\"grid-container\"><div class=\"gutentor-block-header\"><div class=\"gutentor-section-title text-center\"><h2 class=\"gutentor-title\">En todo amar y servir<\/h2><\/div><\/div><div class=\"gutentor-grid-item-wrap\"><div class=\"gutentor-single-item\"><div class=\"gutentor-single-item-content\"><h3 class=\"gutentor-single-item-title\">ORGULLOSAMENTE JOSEFINOS<\/h3><div class=\"gutentor-single-item-desc\"><p class=\"gutentor-single-item-desc\"><\/p><\/div><div class=\"gutentor-button-group\"><\/div><\/div><\/div><\/div><\/div><\/section>\n","protected":false},"excerpt":{"rendered":"","protected":false},"author":1,"featured_media":0,"parent":0,"menu_order":0,"comment_status":"closed","ping_status":"closed","template":"","meta":{"footnotes":""},"class_list":["post-4517","page","type-page","status-publish","hentry"],"_links":{"self":[{"href":"https:\/\/www.sanjosehn.org\/2.0\/wp-json\/wp\/v2\/pages\/4517","targetHints":{"allow":["GET"]}}],"collection":[{"href":"https:\/\/www.sanjosehn.org\/2.0\/wp-json\/wp\/v2\/pages"}],"about":[{"href":"https:\/\/www.sanjosehn.org\/2.0\/wp-json\/wp\/v2\/types\/page"}],"author":[{"embeddable":true,"href":"https:\/\/www.sanjosehn.org\/2.0\/wp-json\/wp\/v2\/users\/1"}],"replies":[{"embeddable":true,"href":"https:\/\/www.sanjosehn.org\/2.0\/wp-json\/wp\/v2\/comments?post=4517"}],"version-history":[{"count":6,"href":"https:\/\/www.sanjosehn.org\/2.0\/wp-json\/wp\/v2\/pages\/4517\/revisions"}],"predecessor-version":[{"id":5052,"href":"https:\/\/www.sanjosehn.org\/2.0\/wp-json\/wp\/v2\/pages\/4517\/revisions\/5052"}],"wp:attachment":[{"href":"https:\/\/www.sanjosehn.org\/2.0\/wp-json\/wp\/v2\/media?parent=4517"}],"curies":[{"name":"wp","href":"https:\/\/api.w.org\/{rel}","templated":true}]}}